{"id":148,"date":"2025-03-12T19:33:59","date_gmt":"2025-03-12T18:33:59","guid":{"rendered":"https:\/\/serwer1846308.home.pl\/autoinstalator\/wordpress1\/?page_id=148"},"modified":"2025-03-12T19:33:59","modified_gmt":"2025-03-12T18:33:59","slug":"lektury","status":"publish","type":"page","link":"https:\/\/sp78.wroclaw.pl\/index.php\/lektury\/","title":{"rendered":"Lektury"},"content":{"rendered":"\n<p><strong>Lista lektur szkolnych 2022\/2023<\/strong><\/p>\n\n\n\n<p><strong>Klasy I \u2013 III<\/strong><\/p>\n\n\n\n<ul class=\"wp-block-list\">\n<li>\u201eAfryka Kazika\u201d \u2013 \u0141ukasz Wierzbicki<\/li>\n\n\n\n<li>\u201eDziadek i nied\u017awiadek\u201d \u2013 \u0141ukasz Wierzbicki<\/li>\n\n\n\n<li>\u201eAsiunia\u201d \u2013 Joanna Papuzi\u0144ska<\/li>\n\n\n\n<li>\u201eCukierku, ty \u0142obuzie!\u201d \u2013 Waldemar Cicho\u0144<\/li>\n\n\n\n<li>\u201eDetektyw Pozytywka\u201d \u2013 Grzegorz Kasdepke<\/li>\n\n\n\n<li>\u201eDziewczynka z parku\u201d \u2013 Barbara Kosmowska<\/li>\n\n\n\n<li>\u201eKapelusz Pani Wrony\u201d \u2013 Danuta Parlak<\/li>\n\n\n\n<li>\u201eNiesamowite przygody dziesi\u0119ciu skarpetek (czterech prawych i sze\u015bciu lewych)\u201d \u2013 Justyna Bednarek<\/li>\n\n\n\n<li>\u201eRany Julek. O tym jak Julian Tuwim zosta\u0142 poet\u0105\u201d \u2013 Agnieszka Fr\u0105czek<\/li>\n\n\n\n<li>\u201eW\u015bcibscy\u201d \u2013 Dorota Gellner<\/li>\n\n\n\n<li>\u201eMania, dziewczyna inna ni\u017c wszystkie. Opowie\u015b\u0107 o Marii Sk\u0142odowskiej-Curie\u201d \u2013 Julita Grodek<\/li>\n\n\n\n<li>\u201ePsie troski, czyli o wielkiej przyja\u017ani na cztery \u0142apy i dwa serca\u201d \u2013 Tom Justyniarski<\/li>\n\n\n\n<li>\u201eLolek. Opowiadania o dzieci\u0144stwie Karola Wojty\u0142y (fragmenty)\u201d \u2013 Piotr Kordyasz<\/li>\n\n\n\n<li>\u201eKt\u00f3r\u0119dy do Yellowstone? Dzika podr\u00f3\u017c po parkach narodowych\u201d \u2013 Aleksandra i Daniel Mizieli\u0144scy<\/li>\n\n\n\n<li>\u201eBa\u015bnie (do wyboru)\u201d \u2013 Hans Christian Andersen<\/li>\n\n\n\n<li>\u201eBrzechwa dzieciom\u201d \u2013 Jan Brzechwa<\/li>\n\n\n\n<li>\u201eDzieci z Bullerbyn\u201d \u2013 Astrid Lindgren<\/li>\n\n\n\n<li>\u201eDoktor Dolittle i jego zwierz\u0119ta\u201d \u2013 Hugh Lofting<\/li>\n\n\n\n<li>\u201eDrzewo do samego nieba\u201d \u2013 Maria Terlikowska<\/li>\n\n\n\n<li>\u201eKarolcia\u201d \u2013 Maria Kr\u00fcger Kruger<\/li>\n\n\n\n<li>\u201eNajpi\u0119kniejsze wiersze\u201d \u2013 Danuta Wawi\u0142ow<\/li>\n\n\n\n<li>\u201eO krakowskich psach i kleparskich kotach. Polskie miasta w ba\u015bniach i legendach\u201d \u2013 Barbara Tylicka<\/li>\n\n\n\n<li>\u201eO psie, kt\u00f3ry je\u017adzi\u0142 kolej\u0105\u201d \u2013 Roman Pisarski<\/li>\n\n\n\n<li>\u201ePami\u0119tnik Czarnego Noska\u201d \u2013 Janina Porazi\u0144ska<\/li>\n\n\n\n<li>\u201eWiersze dla dzieci\u201d \u2013 Julian Tuwim<\/li>\n\n\n\n<li>\u201eK\u0142opoty Kacperka g\u00f3reckiego skrzata\u201d \u2013 Zofia Kossak-Szczucka<\/li>\n\n\n\n<li>\u201ePiaskowy Wilk\u201d \u2013 \u00c5sa Lind<\/li>\n<\/ul>\n\n\n\n<p><strong>Klasy IV \u2013 VI<\/strong><strong><\/strong><\/p>\n\n\n\n<ul class=\"wp-block-list\">\n<li>Jan Brzechwa, \u201eAkademia Pana Kleksa\u201d<\/li>\n\n\n\n<li>Janusz Christa, \u201eKajko i Kokosz. Szko\u0142a latania\u201d (komiks)<\/li>\n\n\n\n<li>Ren\u00e9 Goscinny, Jean-Jacques Semp\u00e9, \u201eMiko\u0142ajek\u201d (wyb\u00f3r opowiada\u0144)<\/li>\n\n\n\n<li>Ignacy Krasicki, wybrane bajki<\/li>\n\n\n\n<li>Clive Staples Lewis, \u201eOpowie\u015bci z Narnii. Lew, czarownica i stara szafa\u201d<\/li>\n\n\n\n<li>Adam Mickiewicz, \u201ePowr\u00f3t taty\u201d, \u201ePani Twardowska\u201d, \u201ePan Tadeusz\u201d (fragmenty, w tym: opisy, zwyczaje i obyczaje, polowanie i koncert Wojskiego)<\/li>\n\n\n\n<li>Ferenc Moln\u00e1r, \u201eCh\u0142opcy z Placu Broni\u201d<\/li>\n\n\n\n<li>Boles\u0142aw Prus, \u201eKatarynka\u201d<\/li>\n\n\n\n<li>Henryk Sienkiewicz, \u201eW pustyni i w puszczy\u201d<\/li>\n\n\n\n<li>Juliusz S\u0142owacki, \u201eW pami\u0119tniku Zofii Bobr\u00f3wny\u201d<\/li>\n\n\n\n<li>John Ronald Reuel Tolkien, \u201eHobbit, czyli tam i z powrotem\u201d<\/li>\n\n\n\n<li>J\u00f3zef Wybicki, \u201eMazurek D\u0105browskiego\u201d<\/li>\n\n\n\n<li>wybrane mity greckie, w tym mit o powstaniu \u015bwiata oraz mity o Prometeuszu, o Syzyfie, o Demeter i Korze, o Dedalu i Ikarze, o Heraklesie, o Tezeuszu i Ariadnie, o Orfeuszu i Eurydyce<\/li>\n\n\n\n<li>Biblia: stworzenie \u015bwiata i cz\u0142owieka oraz wybrane przypowie\u015bci ewangeliczne, w tym o siewcy, o talentach, o pannach roztropnych, o mi\u0142osiernym Samarytaninie<\/li>\n\n\n\n<li>wybrane podania i legendy polskie, w tym o Lechu, o Pia\u015bcie, o Kraku i Wandzie<\/li>\n\n\n\n<li>wybrane ba\u015bnie polskie i europejskie, w tym: Charles Perrault, Kopciuszek, Aleksander Puszkin, Bajka o rybaku i rybce<\/li>\n\n\n\n<li>wybrane wiersze W\u0142adys\u0142awa Be\u0142zy, Jana Brzechwy, Konstantego Ildefonsa Ga\u0142czy\u0144skiego, Zbigniewa Herberta, Anny Kamie\u0144skiej, Joanny Kulmowej, Adama Mickiewicza, Czes\u0142awa Mi\u0142osza, Tadeusza R\u00f3\u017cewicza, Juliusza S\u0142owackiego, Leopolda Staffa, Juliana Tuwima, Jana Twardowskiego oraz pie\u015bni i piosenki patriotyczne<\/li>\n<\/ul>\n\n\n\n<p><strong>Klasy VII \u2013 VIII<\/strong><\/p>\n\n\n\n<ul class=\"wp-block-list\">\n<li>Charles Dickens, \u201eOpowie\u015b\u0107 wigilijna\u201d<\/li>\n\n\n\n<li>Aleksander Fredro, \u201eZemsta\u201d<\/li>\n\n\n\n<li>Jan Kochanowski, wyb\u00f3r fraszek, pie\u015bni i tren\u00f3w, w tym tren I, V, VII i VIII<\/li>\n\n\n\n<li>Aleksander Kami\u0144ski, \u201eKamienie na szaniec\u201d<\/li>\n\n\n\n<li>Ignacy Krasicki, \u201e\u017bona modna\u201d<\/li>\n\n\n\n<li>Adam Mickiewicz, \u201eReduta Ordona\u201d, \u201e\u015amier\u0107 Pu\u0142kownika\u201d, \u201e\u015awitezianka\u201d, \u201eDziady\u201d cz\u0119\u015b\u0107 II, wybrany utw\u00f3r z cyklu \u201eSonety krymskie\u201d, \u201ePan Tadeusz\u201d (ca\u0142o\u015b\u0107)<\/li>\n\n\n\n<li>Antoine de Saint-Exup\u00e9ry, \u201eMa\u0142y Ksi\u0105\u017c\u0119\u201d<\/li>\n\n\n\n<li>Henryk Sienkiewicz, \u201eQuo vadis\u201d, \u201eLatarnik\u201d<\/li>\n\n\n\n<li>Juliusz S\u0142owacki, \u201eBalladyna\u201d<\/li>\n\n\n\n<li>Stefan \u017beromski, \u201eSyzyfowe prace\u201d<\/li>\n\n\n\n<li>S\u0142awomir Mro\u017cek, \u201eArtysta\u201d<\/li>\n\n\n\n<li>Melchior Wa\u0144kowicz, \u201eT\u0119dy i ow\u0119dy\u201d (wybrany reporta\u017c)<\/li>\n\n\n\n<li>wybrane wiersze poet\u00f3w wskazanych w klasach IV\u2013VI, a ponadto Krzysztofa Kamila Baczy\u0144skiego, Stanis\u0142awa Bara\u0144czaka, Cypriana Kamila Norwida, Boles\u0142awa Le\u015bmiana, Mariana Hemara, Jaros\u0142awa Marka Rymkiewicza, Wis\u0142awy Szymborskiej, Kazimierza Wierzy\u0144skiego, Jana Lechonia, Jerzego Lieberta oraz fraszki Jana Sztaudyngera i aforyzmy Stanis\u0142awa Jerzego Leca.<\/li>\n<\/ul>\n\n\n\n<p><strong>Lektury uzupe\u0142niaj\u0105ce VII \u2013 VIII<\/strong><\/p>\n\n\n\n<ul class=\"wp-block-list\">\n<li>Miron Bia\u0142oszewski, \u201ePami\u0119tnik z powstania warszawskiego\u201d (fragmenty)<\/li>\n\n\n\n<li>Agatha Christie, wybrana powie\u015b\u0107 kryminalna<\/li>\n\n\n\n<li>Lloyd Cassel Douglas, \u201eWielki Rybak\u201d<\/li>\n\n\n\n<li>Arkady Fiedler, \u201eDywizjon 303\u201d<\/li>\n\n\n\n<li>Ernest Hemingway, \u201eStary cz\u0142owiek i morze\u201d<\/li>\n\n\n\n<li>Barbara Kosmowska, \u201ePoz\u0142acana rybka\u201d<\/li>\n\n\n\n<li>Zofia Kossak-Szczucka, \u201eBursztyny\u201d (wybrane opowiadanie)<\/li>\n\n\n\n<li>Andr\u00e9 Frossard, \u201eNie l\u0119kajcie si\u0119! Rozmowy z Janem Paw\u0142em II\u201d<\/li>\n\n\n\n<li>Karolina Lanckoro\u0144ska, \u201eWspomnienia wojenne 22 IX 1939\u20135 IV 1945\u201d (fragmenty)<\/li>\n\n\n\n<li>Boles\u0142aw Prus, \u201ePlac\u00f3wka\u201d, \u201eZemsta\u201d<\/li>\n\n\n\n<li>Henryk Sienkiewicz, \u201eKrzy\u017cacy\u201d, \u201eS\u0105d Ozyrysa\u201d<\/li>\n\n\n\n<li>Eric-Emmanuel Schmitt, \u201eOskar i pani R\u00f3\u017ca\u201d<\/li>\n\n\n\n<li>Nicolas Sparks, \u201eJesienna mi\u0142o\u015b\u0107\u201d<\/li>\n\n\n\n<li>Melchior Wa\u0144kowicz, \u201eBitwa o Monte Cassino\u201d (fragmenty), \u201eZiele na kraterze\u201d lub inne utwory literackie i teksty kultury wybrane przez nauczyciela, w tym wiersze poet\u00f3w wsp\u00f3\u0142czesnych i reporta\u017ce<\/li>\n<\/ul>\n\n\n\n<p><\/p>\n","protected":false},"excerpt":{"rendered":"<p>Lista lektur szkolnych 2022\/2023 Klasy I \u2013 III Klasy IV \u2013 VI Klasy VII \u2013 VIII Lektury uzupe\u0142niaj\u0105ce VII \u2013 VIII<\/p>\n","protected":false},"author":1,"featured_media":0,"parent":0,"menu_order":0,"comment_status":"closed","ping_status":"closed","template":"","meta":{"footnotes":""},"class_list":["post-148","page","type-page","status-publish","hentry"],"_links":{"self":[{"href":"https:\/\/sp78.wroclaw.pl\/index.php\/wp-json\/wp\/v2\/pages\/148","targetHints":{"allow":["GET"]}}],"collection":[{"href":"https:\/\/sp78.wroclaw.pl\/index.php\/wp-json\/wp\/v2\/pages"}],"about":[{"href":"https:\/\/sp78.wroclaw.pl\/index.php\/wp-json\/wp\/v2\/types\/page"}],"author":[{"embeddable":true,"href":"https:\/\/sp78.wroclaw.pl\/index.php\/wp-json\/wp\/v2\/users\/1"}],"replies":[{"embeddable":true,"href":"https:\/\/sp78.wroclaw.pl\/index.php\/wp-json\/wp\/v2\/comments?post=148"}],"version-history":[{"count":1,"href":"https:\/\/sp78.wroclaw.pl\/index.php\/wp-json\/wp\/v2\/pages\/148\/revisions"}],"predecessor-version":[{"id":150,"href":"https:\/\/sp78.wroclaw.pl\/index.php\/wp-json\/wp\/v2\/pages\/148\/revisions\/150"}],"wp:attachment":[{"href":"https:\/\/sp78.wroclaw.pl\/index.php\/wp-json\/wp\/v2\/media?parent=148"}],"curies":[{"name":"wp","href":"https:\/\/api.w.org\/{rel}","templated":true}]}}