{"id":1791,"date":"2025-10-28T07:59:52","date_gmt":"2025-10-28T06:59:52","guid":{"rendered":"https:\/\/sp78.wroclaw.pl\/?page_id=1791"},"modified":"2026-04-12T15:18:56","modified_gmt":"2026-04-12T13:18:56","slug":"aktualnosci","status":"publish","type":"page","link":"https:\/\/sp78.wroclaw.pl\/index.php\/aktualnosci\/","title":{"rendered":"Aktualno\u015bci"},"content":{"rendered":"<div dir=\"auto\"><\/div>\n<h4 style=\"text-align: center;\"><span style=\"color: #ff6600;\">Rok szkolny 2025\/2026<\/span><\/h4>\n<div class=\"xdj266r x14z9mp xat24cr x1lziwak x1vvkbs x126k92a\">\n<div dir=\"auto\" style=\"text-align: center;\"><span style=\"color: #ff6600;\">Wielkie zakupy ksi\u0105\u017cek do naszej biblioteki<\/span><\/div>\n<div dir=\"auto\"><\/div>\n<\/div>\n<div class=\"x14z9mp xat24cr x1lziwak x1vvkbs xtlvy1s x126k92a\">\n<div dir=\"auto\">Pami\u0119tacie nasz \u015awi\u0105teczny Kiermasz, przygotowany z ogromnym zaanga\u017cowaniem przez klasy 1-3? Mamy wspania\u0142e wie\u015bci! Dzi\u0119ki Waszej hojno\u015bci i zebranym funduszom, Rada Rodzic\u00f3w zakupi\u0142a w\u0142a\u015bnie pakiet fantastycznych nowo\u015bci ksi\u0105\u017ckowych!<\/div>\n<\/div>\n<div class=\"x14z9mp xat24cr x1lziwak x1vvkbs xtlvy1s x126k92a\">\n<div dir=\"auto\">Nasze szkolne p\u00f3\u0142ki wzbogaci\u0142y si\u0119 o lektury i bestsellery, kt\u00f3re z pewno\u015bci\u0105 umil\u0105 czas m\u0142odym czytelnikom.<\/div>\n<\/div>\n<div class=\"x14z9mp xat24cr x1lziwak x1vvkbs xtlvy1s x126k92a\">\n<div dir=\"auto\"><\/div>\n<div dir=\"auto\">Co nowego u nas przeczytacie?<\/div>\n<div dir=\"auto\">\u0141\u0105cznie trafi\u0142o do nas kilkadziesi\u0105t pozycji, w tym m.in.:<\/div>\n<\/div>\n<div class=\"x14z9mp xat24cr x1lziwak x1vvkbs xtlvy1s x126k92a\">\n<div dir=\"auto\">Dla najm\u0142odszych (po 5 egzemplarzy):<\/div>\n<div dir=\"auto\">Cukierku, ty \u0142obuzie! \u2013 W. Cicho\u0144<\/div>\n<div dir=\"auto\">Pami\u0119tnik Czarnego Noska \u2013 J. Porazi\u0144ska<\/div>\n<div dir=\"auto\">W\u015bcibscy \u2013 D. Gellner<\/div>\n<div dir=\"auto\">Drzewo do samego nieba \u2013 M. Terlikowska<\/div>\n<div dir=\"auto\">Kapelusz Pani Wrony \u2013 D. Parlak<\/div>\n<div dir=\"auto\">Rany Julek! \u2013 A. Fr\u0105czek<\/div>\n<div dir=\"auto\">Afryka Kazika \u2013 \u0141. Wierzbicki<\/div>\n<div dir=\"auto\">Dziewczynka z parku \u2013 B. Kosmowska<\/div>\n<div dir=\"auto\">Psie troski \u2013 T. Justyniarski<\/div>\n<div dir=\"auto\">O krakowskich psach i kleparskich kotach \u2013 B. Tylicka<\/div>\n<div dir=\"auto\">Piaskowy wilk \u2013 \u00c5. Lind<\/div>\n<div dir=\"auto\">Mania, dziewczyna inna ni\u017c wszystkie \u2013 J. Grodek<\/div>\n<div dir=\"auto\">Kt\u00f3r\u0119dy do Yellowstone? \u2013 A. i D. Mizieli\u0144scy<\/div>\n<\/div>\n<div class=\"x14z9mp xat24cr x1lziwak x1vvkbs xtlvy1s x126k92a\">\n<div dir=\"auto\">Dla nieco starszych i fan\u00f3w klasyki:<\/div>\n<div dir=\"auto\">Ma\u0142y Ksi\u0105\u017c\u0119 \u2013 A. de Saint-Exupery (3 szt.)<\/div>\n<div dir=\"auto\">Zemsta \u2013 A. Fredro (3 szt.)<\/div>\n<div dir=\"auto\">Feliks, Net i Nika oraz Gang Niewidzialnych Ludzi \u2013 R. Kosik (2 szt.)<\/div>\n<div dir=\"auto\">Miko\u0142ajek \u2013 R. Goscinny (2 szt.)<\/div>\n<div dir=\"auto\">Hobbit, czyli tam i z powrotem \u2013 J.R.R. Tolkien (2 szt.)<\/div>\n<div dir=\"auto\">Dzieci z Bullerbyn \u2013 A. Lindgren (2 szt.)<\/div>\n<div dir=\"auto\"><\/div>\n<\/div>\n<div class=\"x14z9mp xat24cr x1lziwak x1vvkbs xtlvy1s x126k92a\">\n<div dir=\"auto\">Dzi\u0119kujemy uczniom klas 1-3, nauczycielom i rodzicom za przygotowanie kiermaszu, a wszystkim Rodzicom i Go\u015bciom za wsparcie tej inicjatywy. Dzi\u0119ki Wam czytanie staje si\u0119 jeszcze wi\u0119ksz\u0105 przygod\u0105!<\/div>\n<\/div>\n<div class=\"x14z9mp xat24cr x1lziwak x1vvkbs xtlvy1s x126k92a\">\n<div dir=\"auto\"><\/div>\n<div dir=\"auto\">Zapraszamy do biblioteki!<\/div>\n<div dir=\"auto\"><\/div>\n<div dir=\"auto\"><\/div>\n<\/div>\n<div dir=\"auto\"><img loading=\"lazy\" decoding=\"async\" class=\"aligncenter wp-image-3171\" src=\"http:\/\/sp78.wroclaw.pl\/wp-content\/uploads\/2026\/04\/books-1024x538.jpg\" alt=\"\" width=\"500\" height=\"263\" srcset=\"https:\/\/sp78.wroclaw.pl\/wp-content\/uploads\/2026\/04\/books-1024x538.jpg 1024w, https:\/\/sp78.wroclaw.pl\/wp-content\/uploads\/2026\/04\/books-768x403.jpg 768w, https:\/\/sp78.wroclaw.pl\/wp-content\/uploads\/2026\/04\/books-1140x599.jpg 1140w, https:\/\/sp78.wroclaw.pl\/wp-content\/uploads\/2026\/04\/books.jpg 1200w\" sizes=\"auto, (max-width: 500px) 100vw, 500px\" \/><\/div>\n<div dir=\"auto\"><\/div>\n<div dir=\"auto\" style=\"text-align: center;\">\n<hr \/>\n<p><span style=\"color: #ff6600;\">Wyniki Wewn\u0105trzszkolnego Konkursu Poetyckiego na wiersz\u00a0<\/span><\/p>\n<\/div>\n<div dir=\"auto\"><\/div>\n<div class=\"x14z9mp xat24cr x1lziwak x1vvkbs xtlvy1s x126k92a\">\n<div dir=\"auto\">W dniach 09.03\u201327.03.2026 r. odby\u0142 si\u0119 wewn\u0105trzszkolny konkurs na wiersz z okazji \u015awiatowego Dnia Poezji, przypadaj\u0105cego 21 marca.<\/div>\n<\/div>\n<div class=\"x14z9mp xat24cr x1lziwak x1vvkbs xtlvy1s x126k92a\">\n<div dir=\"auto\">Na konkurs wp\u0142yn\u0119\u0142y 4 utwory, kt\u00f3re zosta\u0142y ocenione przez komisj\u0119 konkursow\u0105.<\/div>\n<div dir=\"auto\"><\/div>\n<\/div>\n<div class=\"x14z9mp xat24cr x1lziwak x1vvkbs xtlvy1s x126k92a\">\n<div dir=\"auto\">Wyniki konkursu:<\/div>\n<div dir=\"auto\"><\/div>\n<div dir=\"auto\">\u00a0I miejsce \u2013 Varvara Nesterenko<\/div>\n<div dir=\"auto\">\u00a0II miejsce \u2013 Pola Starczynowska<\/div>\n<div dir=\"auto\">\u00a0III miejsce \u2013 Laura Chojak oraz Ola Sobaniak<\/div>\n<div dir=\"auto\"><\/div>\n<\/div>\n<div class=\"x14z9mp xat24cr x1lziwak x1vvkbs xtlvy1s x126k92a\">\n<div dir=\"auto\">Serdecznie gratulujemy wszystkim uczestnikom i dzi\u0119kujemy za podzielenie si\u0119 swoj\u0105 tw\u00f3rczo\u015bci\u0105!<\/div>\n<div dir=\"auto\">Zach\u0119camy do udzia\u0142u w kolejnych konkursach!<\/div>\n<div dir=\"auto\"><\/div>\n<div dir=\"auto\"><img loading=\"lazy\" decoding=\"async\" class=\"aligncenter wp-image-3156\" src=\"http:\/\/sp78.wroclaw.pl\/wp-content\/uploads\/2026\/04\/konkurs_poezja-1024x538.jpg\" alt=\"\" width=\"500\" height=\"263\" srcset=\"https:\/\/sp78.wroclaw.pl\/wp-content\/uploads\/2026\/04\/konkurs_poezja-1024x538.jpg 1024w, https:\/\/sp78.wroclaw.pl\/wp-content\/uploads\/2026\/04\/konkurs_poezja-768x403.jpg 768w, https:\/\/sp78.wroclaw.pl\/wp-content\/uploads\/2026\/04\/konkurs_poezja-1140x599.jpg 1140w, https:\/\/sp78.wroclaw.pl\/wp-content\/uploads\/2026\/04\/konkurs_poezja.jpg 1200w\" sizes=\"auto, (max-width: 500px) 100vw, 500px\" \/><\/div>\n<\/div>\n<hr \/>\n<p style=\"text-align: center;\"><span style=\"color: #ff6600;\">Wewn\u0105trzszkolny Konkurs Literacki na wiersz\u00a0<\/span><\/p>\n<p style=\"text-align: center;\">Zapraszamy uczni\u00f3w klas III- VIII do udzia\u0142u w Wewn\u0105trzszkolnym Konkursie Literackim .<\/p>\n<p style=\"text-align: center;\"><a href=\"http:\/\/sp78.wroclaw.pl\/wp-content\/uploads\/2026\/03\/Szkolny-Konkurs-na-wiersz.pdf\">Regulamin Wewn\u0105trzszkolnego Konkursu Literackiego<\/a><\/p>\n<hr \/>\n<p style=\"text-align: center;\"><span style=\"color: #ff6600;\">Mi\u0119dzynarodowy Dzie\u0144 Poezji\u00a0<\/span><\/p>\n<p>Z okazji zbli\u017caj\u0105cego si\u0119 Mi\u0119dzynarodowego Dnia Poezji (21.03), klasa 5A mia\u0142a okazj\u0119 zanurzy\u0107 si\u0119 w \u015bwiat wersyfikacji pod okiem szkolnego bibliotekarza pana Piotra Bukowczyka.<br class=\"html-br\" \/>\u200bPodczas specjalnej lekcji przeprowadzonej w dniu 4 marca, uczniowie dowiedzieli si\u0119, \u017ce budowanie wiersza to prawdziwa sztuka konstrukcyjna! Dzi\u0119ki autorskiej prezentacji Pana Piotra, pi\u0105toklasi\u015bci poznali r\u00f3\u017cnice mi\u0119dzy wierszem rymowanym, bia\u0142ym, wolnym a sylabotonicznym.\u00a0<br class=\"html-br\" \/>\u200bTeoria to jednak nie wszystko! Wsp\u00f3lnie przeanalizowali od strony formalnej utw\u00f3r Ignacego Krasickiego pt. \u201eDo dzieci\u201d. Okazuje si\u0119, \u017ce klasyka wci\u0105\u017c ma nam wiele do powiedzenia.<\/p>\n<p>&nbsp;<\/p>\n<p><img loading=\"lazy\" decoding=\"async\" class=\"aligncenter wp-image-3034\" src=\"http:\/\/sp78.wroclaw.pl\/wp-content\/uploads\/2026\/03\/wersyfikacja_1-1024x538.jpg\" alt=\"\" width=\"513\" height=\"270\" srcset=\"https:\/\/sp78.wroclaw.pl\/wp-content\/uploads\/2026\/03\/wersyfikacja_1-1024x538.jpg 1024w, https:\/\/sp78.wroclaw.pl\/wp-content\/uploads\/2026\/03\/wersyfikacja_1-768x403.jpg 768w, https:\/\/sp78.wroclaw.pl\/wp-content\/uploads\/2026\/03\/wersyfikacja_1-1140x599.jpg 1140w, https:\/\/sp78.wroclaw.pl\/wp-content\/uploads\/2026\/03\/wersyfikacja_1.jpg 1200w\" sizes=\"auto, (max-width: 513px) 100vw, 513px\" \/><\/p>\n<hr \/>\n<div dir=\"auto\" style=\"text-align: center;\"><span style=\"color: #ff6600;\">Wycieczka do Dolno\u015bl\u0105skiej Biblioteki Publicznej<\/span><\/div>\n<div dir=\"auto\">13 stycznia uczennice klasy 7 wraz z panem bibliotekarzem uczestniczy\u0142y w wycieczce do Dolno\u015bl\u0105skiej Biblioteki Publicznej w ramach kolejnego spotkania Ko\u0142a Przyjaci\u00f3\u0142 Biblioteki. Obejrzeli\u015bmy Galeri\u0119 pod Plafonem, Dzia\u0142 Pracy z Dzie\u0107mi , Dzia\u0142 Ksi\u0105\u017cki M\u00f3wionej , Fonotek\u0119, Bibliotek\u0119 Niemieck\u0105, Korea\u0144sk\u0105 i Wypo\u017cyczalni\u0119 G\u0142\u00f3wn\u0105.<\/div>\n<div dir=\"auto\"><\/div>\n<div dir=\"auto\" style=\"text-align: center;\">\n<p><img loading=\"lazy\" decoding=\"async\" class=\"wp-image-2607 aligncenter\" src=\"http:\/\/sp78.wroclaw.pl\/wp-content\/uploads\/2026\/01\/IMG_20260114_084204-1024x588.jpg\" alt=\"\" width=\"500\" height=\"287\" srcset=\"https:\/\/sp78.wroclaw.pl\/wp-content\/uploads\/2026\/01\/IMG_20260114_084204-1024x588.jpg 1024w, https:\/\/sp78.wroclaw.pl\/wp-content\/uploads\/2026\/01\/IMG_20260114_084204-768x441.jpg 768w, https:\/\/sp78.wroclaw.pl\/wp-content\/uploads\/2026\/01\/IMG_20260114_084204.jpg 1079w\" sizes=\"auto, (max-width: 500px) 100vw, 500px\" \/><\/p>\n<\/div>\n<div dir=\"auto\"><\/div>\n<div dir=\"auto\" style=\"text-align: center;\">\n<hr \/>\n<p><span style=\"color: #ff6600;\">Zbi\u00f3rka lektur\u00a0<\/span><br \/>\nOrganizujemy zbi\u00f3rk\u0119 lektur z poni\u017cszej listy do naszej biblioteki szkolnej. Prosimy o przynoszenie egzemplarzy w dobrym stanie (przede wszystkim bez brakuj\u0105cych stron, rysunk\u00f3w itp.)<\/p>\n<\/div>\n<div dir=\"auto\"><\/div>\n<div dir=\"auto\"><img loading=\"lazy\" decoding=\"async\" class=\"aligncenter wp-image-2501\" src=\"http:\/\/sp78.wroclaw.pl\/wp-content\/uploads\/2026\/01\/FB_IMG_1768138890121.jpg\" alt=\"\" width=\"491\" height=\"411\" srcset=\"https:\/\/sp78.wroclaw.pl\/wp-content\/uploads\/2026\/01\/FB_IMG_1768138890121.jpg 940w, https:\/\/sp78.wroclaw.pl\/wp-content\/uploads\/2026\/01\/FB_IMG_1768138890121-768x644.jpg 768w\" sizes=\"auto, (max-width: 491px) 100vw, 491px\" \/><\/div>\n<div dir=\"auto\"><\/div>\n<div dir=\"auto\" style=\"text-align: center;\">\n<hr \/>\n<p><span style=\"color: #ff6600;\">Mi\u0119dzynarodowy miesi\u0105c bibliotek szkolnych\u00a0<\/span><\/p>\n<\/div>\n<div dir=\"auto\">Z okazji Mi\u0119dzynarodowego miesi\u0105ca bibliotek szkolnych w bibliotece szkolnej odby\u0142y si\u0119 zaj\u0119cia dla uczni\u00f3w klasy 2 a i ucznia klasy 3 b przeprowadzone przez pana bibliotekarza pana Piotra Bukowczyka. Dzieci odpowiada\u0142y na pytania dotycz\u0105ce bibliotek oraz losowa\u0142y zadania odnosz\u0105ce si\u0119 do Ksi\u0119gozbioru naszej szko\u0142y. W klasie 6 a i 6 b uczniowie obejrzeli prezentacj\u0119 pt. &#8222;Biblioteki szkolne w Polsce dawniej i dzi\u015b&#8221; przygotowan\u0105 przez pana bibliotekarza.<\/div>\n<div dir=\"auto\"><img loading=\"lazy\" decoding=\"async\" class=\"wp-image-1916 aligncenter\" src=\"http:\/\/sp78.wroclaw.pl\/wp-content\/uploads\/2025\/11\/ksiazka.jpg\" alt=\"\" width=\"479\" height=\"384\" \/><\/div>\n<div dir=\"auto\"><img loading=\"lazy\" decoding=\"async\" class=\"wp-image-1927 aligncenter\" src=\"http:\/\/sp78.wroclaw.pl\/wp-content\/uploads\/2025\/11\/FB_IMG_1762373795411.jpg\" alt=\"\" width=\"466\" height=\"349\" \/><\/div>\n<div dir=\"auto\"><\/div>\n<div dir=\"auto\"><img loading=\"lazy\" decoding=\"async\" class=\"wp-image-1926 aligncenter\" src=\"http:\/\/sp78.wroclaw.pl\/wp-content\/uploads\/2025\/11\/FB_IMG_1762373800288.jpg\" alt=\"\" width=\"471\" height=\"353\" \/><\/div>\n<hr \/>\n<div dir=\"auto\" style=\"text-align: center;\"><span style=\"color: #ff6600;\">Pasowanie na czytelnika<\/span><\/div>\n<div dir=\"auto\"><\/div>\n<div dir=\"auto\">24 i 27 pa\u017adziernika w naszej szkolnej bibliotece odby\u0142o si\u0119 pasowanie na czytelnika. Na pierwszak\u00f3w czeka\u0142y liczne zadania, \u0142amig\u0142\u00f3wki i ciekawostki. Oczywi\u015bcie wszystko zwi\u0105zane z ksi\u0105\u017ckami i z bibliotek\u0105. Na koniec uroczysto\u015bci uczniowie otrzymali pami\u0105tkowe dyplomy. To by\u0142 bardzo mile sp\u0119dzony czas!<\/div>\n<div dir=\"auto\"><img loading=\"lazy\" decoding=\"async\" class=\"wp-image-1794 aligncenter\" src=\"http:\/\/sp78.wroclaw.pl\/wp-content\/uploads\/2025\/10\/biblioteka_10.jpg\" alt=\"\" width=\"488\" height=\"390\" \/><\/div>\n","protected":false},"excerpt":{"rendered":"<p>Rok szkolny 2025\/2026 Wielkie zakupy ksi\u0105\u017cek do naszej biblioteki Pami\u0119tacie nasz \u015awi\u0105teczny Kiermasz, przygotowany z ogromnym zaanga\u017cowaniem przez klasy 1-3? Mamy wspania\u0142e wie\u015bci! Dzi\u0119ki Waszej hojno\u015bci i zebranym funduszom, Rada Rodzic\u00f3w zakupi\u0142a w\u0142a\u015bnie pakiet fantastycznych nowo\u015bci ksi\u0105\u017ckowych! Nasze szkolne p\u00f3\u0142ki wzbogaci\u0142y si\u0119 o lektury i bestsellery, kt\u00f3re z pewno\u015bci\u0105 umil\u0105 czas m\u0142odym czytelnikom. Co nowego u nas przeczytacie? \u0141\u0105cznie trafi\u0142o do nas kilkadziesi\u0105t pozycji, w tym m.in.: Dla najm\u0142odszych (po 5 egzemplarzy): Cukierku, ty \u0142obuzie! \u2013 W. Cicho\u0144 Pami\u0119tnik Czarnego Noska \u2013 J. Porazi\u0144ska W\u015bcibscy \u2013 D. Gellner Drzewo do samego nieba \u2013 M. Terlikowska Kapelusz Pani Wrony \u2013 D. Parlak Rany Julek! \u2013 A. Fr\u0105czek Afryka Kazika \u2013 \u0141. Wierzbicki Dziewczynka z parku \u2013 B. Kosmowska Psie troski \u2013 T. Justyniarski O krakowskich psach i kleparskich kotach \u2013 B. Tylicka Piaskowy wilk \u2013 \u00c5. Lind Mania, dziewczyna inna ni\u017c wszystkie \u2013 J. Grodek Kt\u00f3r\u0119dy do Yellowstone? \u2013 A. i D. Mizieli\u0144scy Dla nieco starszych i fan\u00f3w klasyki: Ma\u0142y Ksi\u0105\u017c\u0119 \u2013 A. de Saint-Exupery (3 szt.) Zemsta \u2013 A. Fredro (3 szt.) Feliks, Net i Nika oraz Gang Niewidzialnych Ludzi \u2013 R. Kosik (2 szt.) Miko\u0142ajek \u2013 R. Goscinny (2 szt.) Hobbit, czyli tam i z powrotem \u2013 J.R.R. Tolkien (2 szt.) Dzieci z Bullerbyn \u2013 A. Lindgren (2 szt.) Dzi\u0119kujemy uczniom klas 1-3, nauczycielom i rodzicom za przygotowanie kiermaszu, a wszystkim Rodzicom i Go\u015bciom za wsparcie tej inicjatywy. Dzi\u0119ki Wam czytanie staje si\u0119 jeszcze wi\u0119ksz\u0105 przygod\u0105! Zapraszamy do biblioteki! Wyniki Wewn\u0105trzszkolnego Konkursu Poetyckiego na wiersz\u00a0 W dniach 09.03\u201327.03.2026 r. odby\u0142 si\u0119 wewn\u0105trzszkolny konkurs na wiersz z okazji \u015awiatowego Dnia Poezji, przypadaj\u0105cego 21 marca. Na konkurs wp\u0142yn\u0119\u0142y 4 utwory, kt\u00f3re zosta\u0142y ocenione przez komisj\u0119 konkursow\u0105. Wyniki konkursu: \u00a0I miejsce \u2013 Varvara Nesterenko \u00a0II miejsce \u2013 Pola Starczynowska \u00a0III miejsce \u2013 Laura Chojak oraz Ola Sobaniak Serdecznie gratulujemy wszystkim uczestnikom i dzi\u0119kujemy za podzielenie si\u0119 swoj\u0105 tw\u00f3rczo\u015bci\u0105! Zach\u0119camy do udzia\u0142u w kolejnych konkursach! Wewn\u0105trzszkolny Konkurs Literacki na wiersz\u00a0 Zapraszamy uczni\u00f3w klas III- VIII do udzia\u0142u w Wewn\u0105trzszkolnym Konkursie Literackim . Regulamin Wewn\u0105trzszkolnego Konkursu Literackiego Mi\u0119dzynarodowy Dzie\u0144 Poezji\u00a0 Z okazji zbli\u017caj\u0105cego si\u0119 Mi\u0119dzynarodowego Dnia Poezji (21.03), klasa 5A mia\u0142a okazj\u0119 zanurzy\u0107 si\u0119 w \u015bwiat wersyfikacji pod okiem szkolnego bibliotekarza pana Piotra Bukowczyka.\u200bPodczas specjalnej lekcji przeprowadzonej w dniu 4 marca, uczniowie dowiedzieli si\u0119, \u017ce budowanie wiersza to prawdziwa sztuka konstrukcyjna! Dzi\u0119ki autorskiej prezentacji Pana Piotra, pi\u0105toklasi\u015bci poznali r\u00f3\u017cnice mi\u0119dzy wierszem rymowanym, bia\u0142ym, wolnym a sylabotonicznym.\u00a0\u200bTeoria to jednak nie wszystko! Wsp\u00f3lnie przeanalizowali od strony formalnej utw\u00f3r Ignacego Krasickiego pt. \u201eDo dzieci\u201d. Okazuje si\u0119, \u017ce klasyka wci\u0105\u017c ma nam wiele do powiedzenia. &nbsp; Wycieczka do Dolno\u015bl\u0105skiej Biblioteki Publicznej 13 stycznia uczennice klasy 7 wraz z panem bibliotekarzem uczestniczy\u0142y w wycieczce do Dolno\u015bl\u0105skiej Biblioteki Publicznej w ramach kolejnego spotkania Ko\u0142a Przyjaci\u00f3\u0142 Biblioteki. Obejrzeli\u015bmy Galeri\u0119 pod Plafonem, Dzia\u0142 Pracy z Dzie\u0107mi , Dzia\u0142 Ksi\u0105\u017cki M\u00f3wionej , Fonotek\u0119, Bibliotek\u0119 Niemieck\u0105, Korea\u0144sk\u0105 i Wypo\u017cyczalni\u0119 G\u0142\u00f3wn\u0105. Zbi\u00f3rka lektur\u00a0 Organizujemy zbi\u00f3rk\u0119 lektur z poni\u017cszej listy do naszej biblioteki szkolnej. Prosimy o przynoszenie egzemplarzy w dobrym stanie (przede wszystkim bez brakuj\u0105cych stron, rysunk\u00f3w itp.) Mi\u0119dzynarodowy miesi\u0105c bibliotek szkolnych\u00a0 Z okazji Mi\u0119dzynarodowego miesi\u0105ca bibliotek szkolnych w bibliotece szkolnej odby\u0142y si\u0119 zaj\u0119cia dla uczni\u00f3w klasy 2 a i ucznia klasy 3 b przeprowadzone przez pana bibliotekarza pana Piotra Bukowczyka. Dzieci odpowiada\u0142y na pytania dotycz\u0105ce bibliotek oraz losowa\u0142y zadania odnosz\u0105ce si\u0119 do Ksi\u0119gozbioru naszej szko\u0142y. W klasie 6 a i 6 b uczniowie obejrzeli prezentacj\u0119 pt. &#8222;Biblioteki szkolne w Polsce dawniej i dzi\u015b&#8221; przygotowan\u0105 przez pana bibliotekarza. Pasowanie na czytelnika 24 i 27 pa\u017adziernika w naszej szkolnej bibliotece odby\u0142o si\u0119 pasowanie na czytelnika. Na pierwszak\u00f3w czeka\u0142y liczne zadania, \u0142amig\u0142\u00f3wki i ciekawostki. Oczywi\u015bcie wszystko zwi\u0105zane z ksi\u0105\u017ckami i z bibliotek\u0105. Na koniec uroczysto\u015bci uczniowie otrzymali pami\u0105tkowe dyplomy. To by\u0142 bardzo mile sp\u0119dzony czas!<\/p>\n","protected":false},"author":2,"featured_media":0,"parent":0,"menu_order":0,"comment_status":"closed","ping_status":"closed","template":"","meta":{"footnotes":""},"class_list":["post-1791","page","type-page","status-publish","hentry"],"_links":{"self":[{"href":"https:\/\/sp78.wroclaw.pl\/index.php\/wp-json\/wp\/v2\/pages\/1791","targetHints":{"allow":["GET"]}}],"collection":[{"href":"https:\/\/sp78.wroclaw.pl\/index.php\/wp-json\/wp\/v2\/pages"}],"about":[{"href":"https:\/\/sp78.wroclaw.pl\/index.php\/wp-json\/wp\/v2\/types\/page"}],"author":[{"embeddable":true,"href":"https:\/\/sp78.wroclaw.pl\/index.php\/wp-json\/wp\/v2\/users\/2"}],"replies":[{"embeddable":true,"href":"https:\/\/sp78.wroclaw.pl\/index.php\/wp-json\/wp\/v2\/comments?post=1791"}],"version-history":[{"count":37,"href":"https:\/\/sp78.wroclaw.pl\/index.php\/wp-json\/wp\/v2\/pages\/1791\/revisions"}],"predecessor-version":[{"id":3173,"href":"https:\/\/sp78.wroclaw.pl\/index.php\/wp-json\/wp\/v2\/pages\/1791\/revisions\/3173"}],"wp:attachment":[{"href":"https:\/\/sp78.wroclaw.pl\/index.php\/wp-json\/wp\/v2\/media?parent=1791"}],"curies":[{"name":"wp","href":"https:\/\/api.w.org\/{rel}","templated":true}]}}